{"id":103,"date":"2024-11-14T10:34:40","date_gmt":"2024-11-14T09:34:40","guid":{"rendered":"https:\/\/ortbell.com\/?page_id=103"},"modified":"2024-11-14T12:56:51","modified_gmt":"2024-11-14T11:56:51","slug":"politica-de-privacitat","status":"publish","type":"page","link":"https:\/\/ortbell.com\/ca\/politica-de-privacitat\/","title":{"rendered":"Pol\u00edtica de privacitat"},"content":{"rendered":"\t\t<div data-elementor-type=\"wp-page\" data-elementor-id=\"103\" class=\"elementor elementor-103\" data-elementor-post-type=\"page\">\n\t\t\t\t<div class=\"elementor-element elementor-element-452061e e-flex e-con-boxed e-con e-parent\" data-id=\"452061e\" data-element_type=\"container\">\n\t\t\t\t\t<div class=\"e-con-inner\">\n\t\t\t\t<div class=\"elementor-element elementor-element-b088f4a elementor-widget elementor-widget-heading\" data-id=\"b088f4a\" data-element_type=\"widget\" data-widget_type=\"heading.default\">\n\t\t\t\t<div class=\"elementor-widget-container\">\n\t\t\t\t\t<h1 class=\"elementor-heading-title elementor-size-default\">Pol\u00edtica de privacitat<\/h1>\t\t\t\t<\/div>\n\t\t\t\t<\/div>\n\t\t\t\t<div class=\"elementor-element elementor-element-29b66fb elementor-widget elementor-widget-text-editor\" data-id=\"29b66fb\" data-element_type=\"widget\" data-widget_type=\"text-editor.default\">\n\t\t\t\t<div class=\"elementor-widget-container\">\n\t\t\t\t\t\t\t\t\t<p><span style=\"font-weight: 400;\">La seva privacitat \u00e9s important per a nosaltres, aix\u00ed que mitjan\u00e7ant aquesta pol\u00edtica li expliquem quines dades recollim dels usuaris, com els utilitzem i per a qu\u00e8, entre d\u2019altres indicacions.<\/span><\/p><p><span style=\"font-weight: 400;\">Per a la seva informaci\u00f3, mai demanarem m\u00e9s informaci\u00f3 de la que realment necessitarem per als serveis requerits; mai la compartirem amb tercers, excepte per obligaci\u00f3 legal o amb la seva autoritzaci\u00f3 pr\u00e8via; i mai utilitzarem les seves dades per a una altra finalitat no indicada pr\u00e8viament.<\/span><\/p><p><span style=\"font-weight: 400;\">Com a usuari, haur\u00e0 de llegir atentament aquesta Pol\u00edtica de privacitat de manera regular, i sempre que introdueixi les seves dades personals, ja que aquest document pot patir modificacions ja que el prestador pot modificar qualsevol tipus d\u2019informaci\u00f3 que pogu\u00e9s apar\u00e8ixer al web per complir amb la normativa o actualitzar la pol\u00edtica, i sense que hi hagi l\u2019obligaci\u00f3 d\u2019avisar o posar en coneixement dels usuaris aquestes obligacions, sent suficients la publicaci\u00f3 al lloc web del prestador.<\/span><\/p><p><span style=\"font-weight: 400;\">RESPONSABLE DEL TRACTAMENT:<\/span><\/p><p><span style=\"font-weight: 400;\">Identitat: SAT Ort Bell<\/span><\/p><p><span style=\"font-weight: 400;\">CIF: F25539842<\/span><\/p><p><span style=\"font-weight: 400;\">Direcci\u00f3 postal: c\/ Nou, 8 25110 Alpicat (Lleida)<\/span><\/p><p><span style=\"font-weight: 400;\">Correu electr\u00f2nic: comercial@ortbell.com<\/span><\/p><p><span style=\"font-weight: 400;\">SAT Ort Bell, com a responsable del Lloc web, de conformitat amb el que disposa el Reglament (UE) 2016\/679 de 27 d\u2019abril de 2016 (RGPD) relatiu a la protecci\u00f3 de les persones f\u00edsiques pel que fa a el tractament de dades personals ia la lliure circulaci\u00f3 d\u2019aquestes dades i la resta de normativa vigent en mat\u00e8ria de protecci\u00f3 de dades personals, i per la Llei 34\/2002, d\u201911 de juliol, de Serveis de la Societat de la Informaci\u00f3 i de Comer\u00e7 Electr\u00f2nic (LSSICE), li informa que t\u00e9 implementades les mesures de seguretat necess\u00e0ries, d\u2019\u00edndole t\u00e8cnica i organitzatives, per a garantir i protegir la confidencialitat, integritat i disponibilitat de les dades introdu\u00efdes.<\/span><\/p><p><span style=\"font-weight: 400;\">M\u00c8TODE D\u2019OBTENCI\u00d3 DE LES DADES i QUINES DADES recollim:<\/span><\/p><p><span style=\"font-weight: 400;\">Les dades que recollim i la manera com els obtenim \u00e9s la seg\u00fcent:<\/span><\/p><ul><li style=\"font-weight: 400;\" aria-level=\"1\"><span style=\"font-weight: 400;\">a trav\u00e9s del formulari de contacte: nom, mail, tel\u00e8fon, empresa<\/span><\/li><\/ul><p><span style=\"font-weight: 400;\">\u00a0<\/span><\/p><p><span style=\"font-weight: 400;\">No es tracten categories de dades especialment protegides.<\/span><\/p><p><span style=\"font-weight: 400;\">FINALITAT DEL TRACTAMENT:<\/span><\/p><p><span style=\"font-weight: 400;\">Les seves dades personals nom\u00e9s s\u2019utilitzaran per a les seg\u00fcents finalitats, prestant el seu consentiment per a cadascuna de les finalitats en l\u2019apartat corresponent de la web:<\/span><\/p><ul><li style=\"font-weight: 400;\" aria-level=\"1\"><span style=\"font-weight: 400;\">formulari de contacte: per respondre a les consultes i \/ o proporcionar informacions requerides per l\u2019Usuari;<\/span><\/li><\/ul><p><span style=\"font-weight: 400;\">\u00a0<\/span><\/p><p><span style=\"font-weight: 400;\">Pot revocar en qualsevol moment el seu consentiment remetent un escrit amb l\u2019assumpte \u201cBaixa\u201d a comercial@ortbell.com.<\/span><\/p><p><span style=\"font-weight: 400;\">D\u2019acord amb la LSSICE, SAT Ort Bell no realitza pr\u00e0ctiques de SPAM, per tant, no envia correus comercials per e-mail que no hagin estat pr\u00e8viament sol\u00b7licitats o autoritzats per l\u2019Usuari. En conseq\u00fc\u00e8ncia, en totes les comunicacions que rebr\u00e0 de prestador, l\u2019usuari t\u00e9 la possibilitat de cancel\u00b7lar el seu consentiment expr\u00e9s per rebre les nostres comunicacions.<\/span><\/p><p><span style=\"font-weight: 400;\">No tractarem les seves dades personals per a cap altra finalitat de les descrites excepte per obligaci\u00f3 legal o requeriment judicial.<\/span><\/p><p><span style=\"font-weight: 400;\">No ser\u00e0 objecte de decisions basades en tractaments automatitzats que produeixin efectes sobre les seves dades.<\/span><\/p><p><span style=\"font-weight: 400;\">LEGITIMACI\u00d3 DEL TRACTAMENT<\/span><\/p><p><span style=\"font-weight: 400;\">La base legal per al tractament de les dades \u00e9s el seu consentiment atorgat en el moment de donar les seves dades en el formulari corresponent per dur a terme les finalitats, en el moment de marcatge de la casella de verificaci\u00f3. El no facilitar les dades personals sol\u00b7licitades o el no acceptar la present pol\u00edtica de privacitat suposa la impossibilitat d\u2019aconseguir les finalitats anteriorment descrites.<\/span><\/p><p><span style=\"font-weight: 400;\">En els casos en qu\u00e8 hi hagi una relaci\u00f3 contractual entre les parts, la legitimaci\u00f3 per al desenvolupament de les obligacions derivades de la mateixa ser\u00e0 l\u2019exist\u00e8ncia de la relaci\u00f3 comercial establerta entre les parts.<\/span><\/p><p><span style=\"font-weight: 400;\">L\u2019oferta prospectiva o comercial de productes i serveis est\u00e0 basada en el consentiment que se li sol\u00b7licita, sense que en cap cas la retirada d\u2019aquest consentiment condicioni l\u2019execuci\u00f3 del contracte de subscripci\u00f3.<\/span><\/p><p><span style=\"font-weight: 400;\">TERMINI DE CONSERVACI\u00d3 DE LES DADES:<\/span><\/p><p><span style=\"font-weight: 400;\">Les seves dades es conservaran mentre duri la relaci\u00f3 comercial amb nosaltres o exerceix el seu dret de cancel\u00b7laci\u00f3 o oposici\u00f3, o limitaci\u00f3 a el tractament. Aix\u00ed mateix, conservarem les vostres dades en els terminis legalment previstos en les disposicions aplicables.<\/span><\/p><p><span style=\"font-weight: 400;\">DESTINATARIS DE CESSIONS O TRANSFER\u00c8NCIES (cal revisar amb client)<\/span><\/p><p><span style=\"font-weight: 400;\">SAT Ort Bell no porta a terme cap cessi\u00f3 o comunicaci\u00f3 de dades ni dins ni fora de la UE. El prestador \u00fanicament facilitar\u00e0 informaci\u00f3 a les forces i cossos de seguretat sota ordre judicial o per obligaci\u00f3 d\u2019una norma legal, sense perjudici de poder bloquejar o cancel\u00b7lar el seu compte si pot haver-hi indicis de la comissi\u00f3 d\u2019algun delicte per part de l\u2019usuari. La informaci\u00f3 facilitada ser\u00e0 nom\u00e9s la que disposi en aquest moment el prestador.<\/span><\/p><p><span style=\"font-weight: 400;\">DRETS\u00a0 DE LES PERSONES INTERESSADES<\/span><\/p><p><span style=\"font-weight: 400;\">Com a usuari-interessat, pot sol\u00b7licitar l\u2019exercici dels seg\u00fcents drets davant SAT Ort Bell presentant un escrit a l\u2019adre\u00e7a postal de l\u2019encap\u00e7alament o enviant un correu electr\u00f2nic a comercial@ortbell.com , indicant com Assumpte: \u201cPROTECCIO DE DADES: DRETS DELS AFECTATS\u201d, i adjuntant fotoc\u00f2pia del seu DNI o qualsevol mitj\u00e0 an\u00e0leg en dret, tal com indica la llei.<\/span><\/p><p><span style=\"font-weight: 400;\">Drets:<\/span><\/p><ul><li style=\"font-weight: 400;\" aria-level=\"1\"><span style=\"font-weight: 400;\">Dret d\u2019acc\u00e9s: permet a l\u2019interessat con\u00e8ixer i obtenir informaci\u00f3 sobre les seves dades de car\u00e0cter personal sotmeses a tractament.<\/span><\/li><li style=\"font-weight: 400;\" aria-level=\"1\"><span style=\"font-weight: 400;\">Dret de rectificaci\u00f3 o supressi\u00f3: permet corregir errors i modificar les dades que resultin ser inexactes o incompletes.<\/span><\/li><li style=\"font-weight: 400;\" aria-level=\"1\"><span style=\"font-weight: 400;\">Dret de cancel\u00b7laci\u00f3: permet que se suprimeixin les dades que siguin inadequades o excessives.<\/span><\/li><li style=\"font-weight: 400;\" aria-level=\"1\"><span style=\"font-weight: 400;\">Dret d\u2019oposici\u00f3: dret de l\u2019interessat a que no es dugui a terme el tractament de les seves dades de car\u00e0cter personal o se cessi en el mateix.<\/span><\/li><li style=\"font-weight: 400;\" aria-level=\"1\"><span style=\"font-weight: 400;\">Limitaci\u00f3 del tractament: comporta el marcat de les dades personals conservats, amb la finalitat de limitar el seu futur tractament, per a l\u2019exercici o la defensa de reclamacions.<\/span><\/li><li style=\"font-weight: 400;\" aria-level=\"1\"><span style=\"font-weight: 400;\">Portabilitat de les dades: facilitaci\u00f3 de les dades objecte de tractament a l\u2019interessat, per tal que aquest pugui transmetre a un altre responsable, sense impediments.<\/span><\/li><li style=\"font-weight: 400;\" aria-level=\"1\"><span style=\"font-weight: 400;\">Dret a no ser objecte de decisions individuals automatitzades (inclosa l\u2019elaboraci\u00f3 de perfils): dret a no ser objecte d\u2019una decisi\u00f3 basada en el tractament automatitzat que produeixi efectes o afecti significativament.<\/span><\/li><\/ul><p><span style=\"font-weight: 400;\">Com a usuari, t\u00e9 dret a retirar el consentiment donat en qualsevol moment. La retirada del consentiment no afectar\u00e0 la licitud del tractament efectuat abans de la retirada del consentiment.<\/span><\/p><p><span style=\"font-weight: 400;\">Tamb\u00e9 t\u00e9 dret a presentar una reclamaci\u00f3 davant l\u2019autoritat de control si considera que poden haver-se vist vulnerats els seus drets en relaci\u00f3 a la protecci\u00f3 de les seves dades (aepd.es).<\/span><\/p><p><span style=\"font-weight: 400;\">INFORMACI\u00d3 ADDICIONAL<\/span><\/p><p><span style=\"font-weight: 400;\">MESURES DE SEGURETAT:<\/span><\/p><p><span style=\"font-weight: 400;\">Les dades que ens faciliti es tractaran de forma confidencial. El prestador ha adoptat totes les mesures t\u00e8cniques i organitzatives i tots els nivells de protecci\u00f3 necessaris per a garantir la seguretat en el tractament de les dades i evitar la seva alteraci\u00f3, p\u00e8rdua, robatori, tractament o acc\u00e9s no autoritzat, d\u2019acord l\u2019estat de la tecnologia i naturalesa de les dades emmagatzemades. Aix\u00ed mateix, es garanteix tamb\u00e9 que el tractament i registre en fitxers, programes, sistemes o equips, locals i centres compleixen amb els requisits i condicions d\u2019integritat i seguretat establertes en la normativa vigent.<\/span><\/p><p><span style=\"font-weight: 400;\">IDIOMA<\/span><\/p><p><span style=\"font-weight: 400;\">L\u2019idioma aplicable a aquesta pol\u00edtica de privacitat \u00e9s l\u2019espanyol. Per tant, en cas que hi hagu\u00e9s alguna contradicci\u00f3 en alguna de les versions facilitades en altres idiomes, prevaldr\u00e0 la versi\u00f3 en espanyol.<\/span><\/p><p><span style=\"font-weight: 400;\">MENORS D\u2019EDAT<\/span><\/p><ul><li style=\"font-weight: 400;\" aria-level=\"1\"><span style=\"font-weight: 400;\">En el cas dels menors de catorze anys es requereix el consentiment dels pares o tutors per al tractament de les seves dades personals.<\/span><\/li><li style=\"font-weight: 400;\" aria-level=\"1\"><span style=\"font-weight: 400;\">En cap cas es demanaran de el menor d\u2019edat dades relatives a la situaci\u00f3 professional, econ\u00f2mica o en la intimitat dels altres membres de la fam\u00edlia, sense el consentiment d\u2019aquests.<\/span><\/li><li style=\"font-weight: 400;\" aria-level=\"1\"><span style=\"font-weight: 400;\">Si ets menor de catorze anys i has accedit a aquest lloc web sense avisar als teus pares no has de registrar ni donar-nos les teves dades ni la dels teus tutors.<\/span><\/li><\/ul><p><span style=\"font-weight: 400;\">XARXES SOCIALS<\/span><\/p><p><span style=\"font-weight: 400;\">L\u2019informem que SAT Ort Bell pot tenir pres\u00e8ncia en xarxes socials. El tractament de les dades que es dugui a terme de les persones que es facin seguidores a les xarxes socials (i \/ o realitzin qualsevol vincle o acci\u00f3 de connexi\u00f3 a trav\u00e9s de les xarxes socials) de les p\u00e0gines oficials de SAT Ort Bell es regir\u00e0 per aquest apartat, aix\u00ed com per aquelles condicions d\u2019\u00fas, pol\u00edtiques de privacitat i normatives d\u2019acc\u00e9s que pertanyin a la xarxa social que procedeixi en cada cas i acceptades pr\u00e8viament per l\u2019usuari.<\/span><\/p><p><span style=\"font-weight: 400;\">SAT Ort Bell tractar\u00e0 les seves dades amb les finalitats d\u2019administrar correctament la seva pres\u00e8ncia a la xarxa social, informant d\u2019activitats, productes o serveis de prestador, aix\u00ed com per a qualsevol altra finalitat que les normatives de les Xarxes Socials permetin.<\/span><\/p><p><span style=\"font-weight: 400;\">Queda prohibida la publicaci\u00f3 de continguts:<\/span><\/p><ul><li style=\"font-weight: 400;\" aria-level=\"1\"><span style=\"font-weight: 400;\">Que siguin presumptament il\u00b7l\u00edcits per la normativa nacional, comunit\u00e0ria o internacional o que realitzin activitats presumptament il\u00b7l\u00edcites o contravinguin els principis de la bona fe.<\/span><\/li><li style=\"font-weight: 400;\" aria-level=\"1\"><span style=\"font-weight: 400;\">Que atemptin contra els drets fonamentals de les persones, faltin a la cortesia a la xarxa, molestin o puguin generar opinions negatives en els nostres usuaris o tercers i en general qualssevol siguin els continguts que SAT Ort Bell consideri inapropiats.<\/span><\/li><li style=\"font-weight: 400;\" aria-level=\"1\"><span style=\"font-weight: 400;\">I en general que contravinguin els principis de legalitat, honradesa, responsabilitat, protecci\u00f3 de la dignitat humana, protecci\u00f3 de menors, protecci\u00f3 de l\u2019ordre p\u00fablic, la protecci\u00f3 de la vida privada, la protecci\u00f3 del consumidor i els drets de propietat intel\u00b7lectual i industrial.<\/span><\/li><\/ul><p><span style=\"font-weight: 400;\">Aix\u00ed mateix, SAT Ort Bell es reserva la potestat de retirar, sense previ av\u00eds de la p\u00e0gina web o de la xarxa social corporativa aquells continguts que es consideren inadequats.<\/span><\/p><p><span style=\"font-weight: 400;\">En tot cas, si vost\u00e9 remet informaci\u00f3 personal a trav\u00e9s de la xarxa social, SAT Ort Bell quedar\u00e0 exempt de responsabilitat en relaci\u00f3 amb les mesures de seguretat aplicables a la present plataforma, i el usuari en cas de voler con\u00e8ixer-les, consultar les corresponents condicions particulars de la xarxa en q\u00fcesti\u00f3.<\/span><\/p><p><span style=\"font-weight: 400;\">CANVIS EN LA PRESENT POL\u00cdTICA DE PRIVACITAT<\/span><\/p><p><span style=\"font-weight: 400;\">SAT Ort Bell es reserva el dret a modificar la present pol\u00edtica per adaptar-la a novetats legislatives o jurisprudencials.<\/span><\/p><p><span style=\"font-weight: 400;\">REVOCABILITAT<\/span><\/p><p><span style=\"font-weight: 400;\">El consentiment prestat, tant pel tractament com per a la cessi\u00f3 de les dades dels interessats, \u00e9s revocable en qualsevol moment comunicant-ho a SAT Ort Bell en els termes que estableix aquesta Pol\u00edtica per a l\u2019exercici dels drets. Aquesta revocaci\u00f3 en cap cas tindr\u00e0 car\u00e0cter retroactiu.<\/span><\/p><p><span style=\"font-weight: 400;\">LEGISLACI\u00d3<\/span><\/p><p><span style=\"font-weight: 400;\">Amb car\u00e0cter general les relacions entre SAT Ort Bell amb els Usuaris dels seus serveis telem\u00e0tics, presents en aquesta web, estan sotmesos a la legislaci\u00f3 i jurisdicci\u00f3 espanyola a la qual se sotmeten expressament les parts, sent competents per a la resoluci\u00f3 de tots els conflictes derivats o relacionats amb el seu \u00fas els Jutjats i Tribunals de Lleida.<\/span><\/p>\t\t\t\t\t\t\t\t<\/div>\n\t\t\t\t<\/div>\n\t\t\t\t\t<\/div>\n\t\t\t\t<\/div>\n\t\t\t\t<\/div>\n\t\t","protected":false},"excerpt":{"rendered":"<p>La seva privacitat \u00e9s important per a nosaltres, aix\u00ed que mitjan\u00e7ant aquesta pol\u00edtica li expliquem quines dades recollim dels usuaris, com els utilitzem i per a qu\u00e8, entre d\u2019altres indicacions. Per a la seva informaci\u00f3, mai demanarem m\u00e9s informaci\u00f3 de la que realment necessitarem per als serveis requerits; mai la compartirem amb tercers, excepte per [&hellip;]<\/p>\n","protected":false},"author":2,"featured_media":0,"parent":0,"menu_order":0,"comment_status":"closed","ping_status":"closed","template":"elementor_header_footer","meta":{"footnotes":""},"class_list":["post-103","page","type-page","status-publish","hentry"],"yoast_head":"<!-- This site is optimized with the Yoast SEO plugin v26.5 - https:\/\/yoast.com\/wordpress\/plugins\/seo\/ -->\n<title>Pol\u00edtica de privacitat - Ortbell CMS<\/title>\n<meta name=\"robots\" content=\"index, follow, max-snippet:-1, max-image-preview:large, max-video-preview:-1\" \/>\n<link rel=\"canonical\" href=\"https:\/\/ortbell.com\/ca\/politica-de-privacitat\/\" \/>\n<meta property=\"og:locale\" content=\"ca_ES\" \/>\n<meta property=\"og:type\" content=\"article\" \/>\n<meta property=\"og:title\" content=\"Pol\u00edtica de privacitat - Ortbell CMS\" \/>\n<meta property=\"og:description\" content=\"La seva privacitat \u00e9s important per a nosaltres, aix\u00ed que mitjan\u00e7ant aquesta pol\u00edtica li expliquem quines dades recollim dels usuaris, com els utilitzem i per a qu\u00e8, entre d\u2019altres indicacions. Per a la seva informaci\u00f3, mai demanarem m\u00e9s informaci\u00f3 de la que realment necessitarem per als serveis requerits; mai la compartirem amb tercers, excepte per [&hellip;]\" \/>\n<meta property=\"og:url\" content=\"https:\/\/ortbell.com\/ca\/politica-de-privacitat\/\" \/>\n<meta property=\"og:site_name\" content=\"Ortbell CMS\" \/>\n<meta property=\"article:modified_time\" content=\"2024-11-14T11:56:51+00:00\" \/>\n<meta name=\"twitter:card\" content=\"summary_large_image\" \/>\n<meta name=\"twitter:label1\" content=\"Temps estimat de lectura\" \/>\n\t<meta name=\"twitter:data1\" content=\"9 minuts\" \/>\n<script type=\"application\/ld+json\" class=\"yoast-schema-graph\">{\"@context\":\"https:\/\/schema.org\",\"@graph\":[{\"@type\":\"WebPage\",\"@id\":\"https:\/\/ortbell.com\/ca\/politica-de-privacitat\/\",\"url\":\"https:\/\/ortbell.com\/ca\/politica-de-privacitat\/\",\"name\":\"Pol\u00edtica de privacitat - Ortbell CMS\",\"isPartOf\":{\"@id\":\"https:\/\/ortbell.com\/#website\"},\"datePublished\":\"2024-11-14T09:34:40+00:00\",\"dateModified\":\"2024-11-14T11:56:51+00:00\",\"breadcrumb\":{\"@id\":\"https:\/\/ortbell.com\/ca\/politica-de-privacitat\/#breadcrumb\"},\"inLanguage\":\"ca\",\"potentialAction\":[{\"@type\":\"ReadAction\",\"target\":[\"https:\/\/ortbell.com\/ca\/politica-de-privacitat\/\"]}]},{\"@type\":\"BreadcrumbList\",\"@id\":\"https:\/\/ortbell.com\/ca\/politica-de-privacitat\/#breadcrumb\",\"itemListElement\":[{\"@type\":\"ListItem\",\"position\":1,\"name\":\"Portada\",\"item\":\"https:\/\/ortbell.com\/\"},{\"@type\":\"ListItem\",\"position\":2,\"name\":\"Pol\u00edtica de privacitat\"}]},{\"@type\":\"WebSite\",\"@id\":\"https:\/\/ortbell.com\/#website\",\"url\":\"https:\/\/ortbell.com\/\",\"name\":\"Ortbell CMS\",\"description\":\"Just another WordPress site\",\"potentialAction\":[{\"@type\":\"SearchAction\",\"target\":{\"@type\":\"EntryPoint\",\"urlTemplate\":\"https:\/\/ortbell.com\/?s={search_term_string}\"},\"query-input\":{\"@type\":\"PropertyValueSpecification\",\"valueRequired\":true,\"valueName\":\"search_term_string\"}}],\"inLanguage\":\"ca\"}]}<\/script>\n<!-- \/ Yoast SEO plugin. -->","yoast_head_json":{"title":"Pol\u00edtica de privacitat - Ortbell CMS","robots":{"index":"index","follow":"follow","max-snippet":"max-snippet:-1","max-image-preview":"max-image-preview:large","max-video-preview":"max-video-preview:-1"},"canonical":"https:\/\/ortbell.com\/ca\/politica-de-privacitat\/","og_locale":"ca_ES","og_type":"article","og_title":"Pol\u00edtica de privacitat - Ortbell CMS","og_description":"La seva privacitat \u00e9s important per a nosaltres, aix\u00ed que mitjan\u00e7ant aquesta pol\u00edtica li expliquem quines dades recollim dels usuaris, com els utilitzem i per a qu\u00e8, entre d\u2019altres indicacions. Per a la seva informaci\u00f3, mai demanarem m\u00e9s informaci\u00f3 de la que realment necessitarem per als serveis requerits; mai la compartirem amb tercers, excepte per [&hellip;]","og_url":"https:\/\/ortbell.com\/ca\/politica-de-privacitat\/","og_site_name":"Ortbell CMS","article_modified_time":"2024-11-14T11:56:51+00:00","twitter_card":"summary_large_image","twitter_misc":{"Temps estimat de lectura":"9 minuts"},"schema":{"@context":"https:\/\/schema.org","@graph":[{"@type":"WebPage","@id":"https:\/\/ortbell.com\/ca\/politica-de-privacitat\/","url":"https:\/\/ortbell.com\/ca\/politica-de-privacitat\/","name":"Pol\u00edtica de privacitat - Ortbell CMS","isPartOf":{"@id":"https:\/\/ortbell.com\/#website"},"datePublished":"2024-11-14T09:34:40+00:00","dateModified":"2024-11-14T11:56:51+00:00","breadcrumb":{"@id":"https:\/\/ortbell.com\/ca\/politica-de-privacitat\/#breadcrumb"},"inLanguage":"ca","potentialAction":[{"@type":"ReadAction","target":["https:\/\/ortbell.com\/ca\/politica-de-privacitat\/"]}]},{"@type":"BreadcrumbList","@id":"https:\/\/ortbell.com\/ca\/politica-de-privacitat\/#breadcrumb","itemListElement":[{"@type":"ListItem","position":1,"name":"Portada","item":"https:\/\/ortbell.com\/"},{"@type":"ListItem","position":2,"name":"Pol\u00edtica de privacitat"}]},{"@type":"WebSite","@id":"https:\/\/ortbell.com\/#website","url":"https:\/\/ortbell.com\/","name":"Ortbell CMS","description":"Just another WordPress site","potentialAction":[{"@type":"SearchAction","target":{"@type":"EntryPoint","urlTemplate":"https:\/\/ortbell.com\/?s={search_term_string}"},"query-input":{"@type":"PropertyValueSpecification","valueRequired":true,"valueName":"search_term_string"}}],"inLanguage":"ca"}]}},"_links":{"self":[{"href":"https:\/\/ortbell.com\/ca\/wp-json\/wp\/v2\/pages\/103","targetHints":{"allow":["GET"]}}],"collection":[{"href":"https:\/\/ortbell.com\/ca\/wp-json\/wp\/v2\/pages"}],"about":[{"href":"https:\/\/ortbell.com\/ca\/wp-json\/wp\/v2\/types\/page"}],"author":[{"embeddable":true,"href":"https:\/\/ortbell.com\/ca\/wp-json\/wp\/v2\/users\/2"}],"replies":[{"embeddable":true,"href":"https:\/\/ortbell.com\/ca\/wp-json\/wp\/v2\/comments?post=103"}],"version-history":[{"count":8,"href":"https:\/\/ortbell.com\/ca\/wp-json\/wp\/v2\/pages\/103\/revisions"}],"predecessor-version":[{"id":114,"href":"https:\/\/ortbell.com\/ca\/wp-json\/wp\/v2\/pages\/103\/revisions\/114"}],"wp:attachment":[{"href":"https:\/\/ortbell.com\/ca\/wp-json\/wp\/v2\/media?parent=103"}],"curies":[{"name":"wp","href":"https:\/\/api.w.org\/{rel}","templated":true}]}}